{"id":1555,"date":"2025-04-01T16:50:54","date_gmt":"2025-04-01T21:50:54","guid":{"rendered":"http:\/\/localhost\/paola\/?post_type=product&#038;p=1555"},"modified":"2025-05-30T18:33:57","modified_gmt":"2025-05-30T23:33:57","slug":"ruta-bienestar","status":"publish","type":"product","link":"https:\/\/paovarelabienestar.com\/paola\/index.php\/product\/ruta-bienestar\/","title":{"rendered":"Reset mente, cuerpo, alma"},"content":{"rendered":"<p data-start=\"216\" data-end=\"443\">Es un programa dise\u00f1ado para acompa\u00f1ar a los equipos de trabajo en un proceso profundo de reconexi\u00f3n personal y transformaci\u00f3n de h\u00e1bitos, promoviendo una cultura organizacional m\u00e1s saludable, consciente y resiliente.<\/p>\n<p data-start=\"445\" data-end=\"747\">A trav\u00e9s de un enfoque hol\u00edstico que integra <strong data-start=\"490\" data-end=\"577\">alimentaci\u00f3n consciente, meditaci\u00f3n, gesti\u00f3n del estr\u00e9s y reprogramaci\u00f3n de h\u00e1bitos<\/strong>, este programa invita a cada colaborador a hacer una pausa, revisar su estilo de vida y adoptar pr\u00e1cticas que impactan positivamente su salud f\u00edsica, mental y emocional.<\/p>\n<p data-start=\"749\" data-end=\"1053\"><strong data-start=\"749\" data-end=\"778\">\u00bfQu\u00e9 incluye el programa?<\/strong><br data-start=\"778\" data-end=\"781\" \/>\ud83c\udf31 Talleres de alimentaci\u00f3n consciente y saludable<br data-start=\"831\" data-end=\"834\" \/>\ud83e\uddd8\u200d\u2640\ufe0f Pr\u00e1cticas guiadas de meditaci\u00f3n y mindfulness<br data-start=\"885\" data-end=\"888\" \/>\ud83d\udcbc Herramientas efectivas de manejo del estr\u00e9s laboral<br data-start=\"942\" data-end=\"945\" \/>\ud83d\udd01 Sesiones para la transformaci\u00f3n de h\u00e1bitos sostenibles\u00a0 \u00a0 \u00a0 \u00a0 \u00a0 \u00a0 \u00a0 \u00a0 \u00a0 \u00a0 \u00a0 \u00a0 \u00a0 \u00a0 \u00a0 \u00a0 \u00a0 \u00a0 \u00a0 \u00a0 \u00a0 \u00a0 \u00a0 \u00a0 \u00a0 \u00a0 \u00a0 \u00a0 \u00a0 \u00a0 \u00a0 \u00a0 \u00a0 \u00a0 \u00a0 \u00a0 \u00a0 \u00a0 \u00a0 \u00a0 \u00a0 \u00a0 \u00a0 \u00a0 \u00a0 \u00a0 \u00a0 \u00a0 \u00a0 \u00a0 \u00a0 \u00a0 \u00a0 \u00a0 \u00a0 \u00a0 \u00a0 \u00a0 \u00a0 \u00a0 \u00a0 \u00a0 \u00a0 \u00a0 \u00a0 \u00a0 Clases de cocina<br data-start=\"1002\" data-end=\"1005\" \/>\ud83d\udcac Espacios de reflexi\u00f3n y acompa\u00f1amiento grupal<\/p>\n<p data-start=\"749\" data-end=\"1053\"><strong>Modalidad<\/strong>: presencial &#8211; hibrida<\/p>\n<p data-start=\"749\" data-end=\"1053\">\n","protected":false},"excerpt":{"rendered":"<p data-start=\"168\" data-end=\"214\"><strong data-start=\"168\" data-end=\"214\">Programa integral de bienestar corporativo<\/strong><\/p>\n<p data-start=\"216\" data-end=\"443\"><strong data-start=\"216\" data-end=\"225\">Reset<\/strong> es un programa dise\u00f1ado para acompa\u00f1ar a los equipos de trabajo en un proceso profundo de reconexi\u00f3n personal y transformaci\u00f3n de h\u00e1bitos, promoviendo una cultura organizacional m\u00e1s saludable, consciente y resiliente.<\/p>\n<p data-start=\"445\" data-end=\"747\">A trav\u00e9s de un enfoque hol\u00edstico que integra <strong data-start=\"490\" data-end=\"577\">alimentaci\u00f3n consciente, meditaci\u00f3n, gesti\u00f3n del estr\u00e9s y reprogramaci\u00f3n de h\u00e1bitos<\/strong>, este programa invita a cada colaborador a hacer una pausa, revisar su estilo de vida y adoptar pr\u00e1cticas que impactan positivamente su salud f\u00edsica, mental y emocional.<\/p>\n<p data-start=\"749\" data-end=\"1053\"><strong data-start=\"749\" data-end=\"778\">\u00bfQu\u00e9 incluye el programa?<\/strong><br data-start=\"778\" data-end=\"781\" \/>\ud83c\udf31 Talleres de alimentaci\u00f3n consciente y saludable<br data-start=\"831\" data-end=\"834\" \/>\ud83e\uddd8\u200d\u2640\ufe0f Pr\u00e1cticas guiadas de meditaci\u00f3n y mindfulness<br data-start=\"885\" data-end=\"888\" \/>\ud83d\udcbc Herramientas efectivas de manejo del estr\u00e9s laboral<br data-start=\"942\" data-end=\"945\" \/>\ud83d\udd01 Sesiones para la transformaci\u00f3n de h\u00e1bitos sostenibles<br data-start=\"1002\" data-end=\"1005\" \/>\ud83d\udcac Espacios de reflexi\u00f3n y acompa\u00f1amiento grupal<\/p>\n<p data-start=\"1055\" data-end=\"1320\"><strong data-start=\"1055\" data-end=\"1080\">Resultados esperados:<\/strong><br data-start=\"1080\" data-end=\"1083\" \/>\u2714\ufe0f Disminuci\u00f3n del estr\u00e9s y aumento del bienestar emocional<br data-start=\"1142\" data-end=\"1145\" \/>\u2714\ufe0f Mejora en la energ\u00eda, el enfoque y la productividad<br data-start=\"1199\" data-end=\"1202\" \/>\u2714\ufe0f Mayor cohesi\u00f3n y sentido de prop\u00f3sito en los equipos<br data-start=\"1257\" data-end=\"1260\" \/>\u2714\ufe0f H\u00e1bitos m\u00e1s saludables dentro y fuera del entorno laboral<\/p>\n<p data-start=\"1322\" data-end=\"1432\"><strong data-start=\"1322\" data-end=\"1345\">Modalidad flexible:<\/strong> presencial, virtual o h\u00edbrida, con programas adaptables a la din\u00e1mica de cada empresa.<\/p>\n<p data-start=\"1434\" data-end=\"1540\">Haz un <em data-start=\"1441\" data-end=\"1448\">reset<\/em> en la vida de tu equipo.<br data-start=\"1473\" data-end=\"1476\" \/><strong data-start=\"1476\" data-end=\"1540\">Invertir en bienestar es invertir en resultados sostenibles.<\/strong><\/p>\n","protected":false},"featured_media":1705,"comment_status":"open","ping_status":"closed","template":"","meta":{"_bst_post_transparent":"default","_bst_post_title":"","_bst_post_layout":"default","_bst_post_sidebar_id":"","_bst_post_content_style":"default","_bst_post_vertical_padding":"default","_bst_post_feature":"","_bst_post_feature_position":"","_bst_post_header":false,"_bst_post_footer":false},"product_brand":[],"product_cat":[82],"product_tag":[],"product_brands":[],"class_list":{"0":"post-1555","1":"product","2":"type-product","3":"status-publish","4":"has-post-thumbnail","6":"product_cat-servempre","8":"first","9":"instock","10":"shipping-taxable","11":"product-type-simple","12":"entry","13":"content-bg","14":"loop-entry"},"_links":{"self":[{"href":"https:\/\/paovarelabienestar.com\/paola\/index.php\/wp-json\/wp\/v2\/product\/1555","targetHints":{"allow":["GET"]}}],"collection":[{"href":"https:\/\/paovarelabienestar.com\/paola\/index.php\/wp-json\/wp\/v2\/product"}],"about":[{"href":"https:\/\/paovarelabienestar.com\/paola\/index.php\/wp-json\/wp\/v2\/types\/product"}],"replies":[{"embeddable":true,"href":"https:\/\/paovarelabienestar.com\/paola\/index.php\/wp-json\/wp\/v2\/comments?post=1555"}],"wp:featuredmedia":[{"embeddable":true,"href":"https:\/\/paovarelabienestar.com\/paola\/index.php\/wp-json\/wp\/v2\/media\/1705"}],"wp:attachment":[{"href":"https:\/\/paovarelabienestar.com\/paola\/index.php\/wp-json\/wp\/v2\/media?parent=1555"}],"wp:term":[{"taxonomy":"product_brand","embeddable":true,"href":"https:\/\/paovarelabienestar.com\/paola\/index.php\/wp-json\/wp\/v2\/product_brand?post=1555"},{"taxonomy":"product_cat","embeddable":true,"href":"https:\/\/paovarelabienestar.com\/paola\/index.php\/wp-json\/wp\/v2\/product_cat?post=1555"},{"taxonomy":"product_tag","embeddable":true,"href":"https:\/\/paovarelabienestar.com\/paola\/index.php\/wp-json\/wp\/v2\/product_tag?post=1555"},{"taxonomy":"product_brands","embeddable":true,"href":"https:\/\/paovarelabienestar.com\/paola\/index.php\/wp-json\/wp\/v2\/product_brands?post=1555"}],"curies":[{"name":"wp","href":"https:\/\/api.w.org\/{rel}","templated":true}]}}